{"id":2729,"date":"2022-01-28T17:14:05","date_gmt":"2022-01-28T17:14:05","guid":{"rendered":"https:\/\/marianaberdinas.com.ar\/esculturas\/?post_type=portfolio&#038;p=2729"},"modified":"2022-01-28T17:14:05","modified_gmt":"2022-01-28T17:14:05","slug":"caracol-grande","status":"publish","type":"portfolio","link":"https:\/\/marianaberdinas.com.ar\/esculturas\/portfolio-item\/caracol-grande\/","title":{"rendered":"CARACOL GRANDE"},"content":{"rendered":"<div id='av-layout-grid-1'  class='av-layout-grid-container entry-content-wrapper main_color av-flex-cells     avia-builder-el-0  avia-builder-el-no-sibling  container_wrap fullsize' style=' '  >\n<div class=\"flex_cell no_margin av_one_half  avia-builder-el-1  el_before_av_cell_one_half  avia-builder-el-first   \" ><div class='flex_cell_inner' ><p><div  class='avia-image-container  av-styling-    avia-builder-el-2  el_before_av_gallery  avia-builder-el-first  avia-align-center '  itemprop=\"image\" itemscope=\"itemscope\" itemtype=\"https:\/\/schema.org\/ImageObject\"  ><div class='avia-image-container-inner'><div class='avia-image-overlay-wrap'><img decoding=\"async\" class='wp-image-2730 avia-img-lazy-loading-not-2730 avia_image' src=\"https:\/\/marianaberdinas.com.ar\/esculturas\/wp-content\/uploads\/2022\/01\/fondocaracol-1030x774.jpg\" alt='' title='CARACOL GRANDE' height=\"774\" width=\"1030\"  itemprop=\"thumbnailUrl\" srcset=\"https:\/\/marianaberdinas.com.ar\/esculturas\/wp-content\/uploads\/2022\/01\/fondocaracol-1030x774.jpg 1030w, https:\/\/marianaberdinas.com.ar\/esculturas\/wp-content\/uploads\/2022\/01\/fondocaracol-300x225.jpg 300w, https:\/\/marianaberdinas.com.ar\/esculturas\/wp-content\/uploads\/2022\/01\/fondocaracol-768x577.jpg 768w, https:\/\/marianaberdinas.com.ar\/esculturas\/wp-content\/uploads\/2022\/01\/fondocaracol-1536x1154.jpg 1536w, https:\/\/marianaberdinas.com.ar\/esculturas\/wp-content\/uploads\/2022\/01\/fondocaracol-1500x1127.jpg 1500w, https:\/\/marianaberdinas.com.ar\/esculturas\/wp-content\/uploads\/2022\/01\/fondocaracol-705x529.jpg 705w, https:\/\/marianaberdinas.com.ar\/esculturas\/wp-content\/uploads\/2022\/01\/fondocaracol.jpg 2000w\" sizes=\"(max-width: 1030px) 100vw, 1030px\" \/><\/div><\/div><\/div><br \/>\n<div  class='avia-gallery  avia-gallery-1 avia_lazyload avia-gallery-animate avia_animate_when_visible  avia-builder-el-3  el_after_av_image  avia-builder-el-last '  itemprop=\"image\" itemscope=\"itemscope\" itemtype=\"https:\/\/schema.org\/ImageObject\" ><div class='avia-gallery-thumb'> <a href='https:\/\/marianaberdinas.com.ar\/esculturas\/wp-content\/uploads\/2022\/01\/caracol-1-1030x579.jpg' data-rel='gallery-1' data-prev-img='https:\/\/marianaberdinas.com.ar\/esculturas\/wp-content\/uploads\/2022\/01\/caracol-1-495x400.jpg' class='first_thumb lightbox ' data-onclick='1' title='caracol 1'  itemprop=\"thumbnailUrl\"  ><img decoding=\"async\" class=\"wp-image-2731 avia-img-lazy-loading-not-2731\"   src=\"https:\/\/marianaberdinas.com.ar\/esculturas\/wp-content\/uploads\/2022\/01\/caracol-1-495x400.jpg\" width=\"495\" height=\"400\"  title='caracol 1' alt='' srcset=\"https:\/\/marianaberdinas.com.ar\/esculturas\/wp-content\/uploads\/2022\/01\/caracol-1-495x400.jpg 495w, https:\/\/marianaberdinas.com.ar\/esculturas\/wp-content\/uploads\/2022\/01\/caracol-1-845x684.jpg 845w\" sizes=\"(max-width: 495px) 100vw, 495px\" \/><\/a> <a href='https:\/\/marianaberdinas.com.ar\/esculturas\/wp-content\/uploads\/2022\/01\/caracol-agua-2-1030x771.jpg' data-rel='gallery-1' data-prev-img='https:\/\/marianaberdinas.com.ar\/esculturas\/wp-content\/uploads\/2022\/01\/caracol-agua-2-495x400.jpg' class='lightbox ' data-onclick='2' title='caracol agua 2'  itemprop=\"thumbnailUrl\"  ><img decoding=\"async\" class=\"wp-image-2732 avia-img-lazy-loading-not-2732\"   src=\"https:\/\/marianaberdinas.com.ar\/esculturas\/wp-content\/uploads\/2022\/01\/caracol-agua-2-495x400.jpg\" width=\"495\" height=\"400\"  title='caracol agua 2' alt='' srcset=\"https:\/\/marianaberdinas.com.ar\/esculturas\/wp-content\/uploads\/2022\/01\/caracol-agua-2-495x400.jpg 495w, https:\/\/marianaberdinas.com.ar\/esculturas\/wp-content\/uploads\/2022\/01\/caracol-agua-2-845x684.jpg 845w\" sizes=\"(max-width: 495px) 100vw, 495px\" \/><\/a> <a href='https:\/\/marianaberdinas.com.ar\/esculturas\/wp-content\/uploads\/2022\/01\/caracol-grande-3-1030x651.jpg' data-rel='gallery-1' data-prev-img='https:\/\/marianaberdinas.com.ar\/esculturas\/wp-content\/uploads\/2022\/01\/caracol-grande-3-495x400.jpg' class='lightbox ' data-onclick='3' title='caracol grande 3'  itemprop=\"thumbnailUrl\"  ><img decoding=\"async\" class=\"wp-image-2733 avia-img-lazy-loading-not-2733\"   src=\"https:\/\/marianaberdinas.com.ar\/esculturas\/wp-content\/uploads\/2022\/01\/caracol-grande-3-495x400.jpg\" width=\"495\" height=\"400\"  title='caracol grande 3' alt='' srcset=\"https:\/\/marianaberdinas.com.ar\/esculturas\/wp-content\/uploads\/2022\/01\/caracol-grande-3-495x400.jpg 495w, https:\/\/marianaberdinas.com.ar\/esculturas\/wp-content\/uploads\/2022\/01\/caracol-grande-3-845x684.jpg 845w\" sizes=\"(max-width: 495px) 100vw, 495px\" \/><\/a> <a href='https:\/\/marianaberdinas.com.ar\/esculturas\/wp-content\/uploads\/2022\/01\/formas-tres-773x1030.jpg' data-rel='gallery-1' data-prev-img='https:\/\/marianaberdinas.com.ar\/esculturas\/wp-content\/uploads\/2022\/01\/formas-tres-495x400.jpg' class='lightbox ' data-onclick='4' title='formas tres'  itemprop=\"thumbnailUrl\"  ><img decoding=\"async\" class=\"wp-image-2734 avia-img-lazy-loading-not-2734\"   src=\"https:\/\/marianaberdinas.com.ar\/esculturas\/wp-content\/uploads\/2022\/01\/formas-tres-495x400.jpg\" width=\"495\" height=\"400\"  title='formas tres' alt='' srcset=\"https:\/\/marianaberdinas.com.ar\/esculturas\/wp-content\/uploads\/2022\/01\/formas-tres-495x400.jpg 495w, https:\/\/marianaberdinas.com.ar\/esculturas\/wp-content\/uploads\/2022\/01\/formas-tres-845x684.jpg 845w\" sizes=\"(max-width: 495px) 100vw, 495px\" \/><\/a> <a href='https:\/\/marianaberdinas.com.ar\/esculturas\/wp-content\/uploads\/2022\/01\/fondocaracol-1030x774.jpg' data-rel='gallery-1' data-prev-img='https:\/\/marianaberdinas.com.ar\/esculturas\/wp-content\/uploads\/2022\/01\/fondocaracol-495x400.jpg' class='lightbox ' data-onclick='5' title='CARACOL GRANDE'  itemprop=\"thumbnailUrl\"  ><img decoding=\"async\" class=\"wp-image-2730 avia-img-lazy-loading-not-2730\"   src=\"https:\/\/marianaberdinas.com.ar\/esculturas\/wp-content\/uploads\/2022\/01\/fondocaracol-495x400.jpg\" width=\"495\" height=\"400\"  title='CARACOL GRANDE' alt='' srcset=\"https:\/\/marianaberdinas.com.ar\/esculturas\/wp-content\/uploads\/2022\/01\/fondocaracol-495x400.jpg 495w, https:\/\/marianaberdinas.com.ar\/esculturas\/wp-content\/uploads\/2022\/01\/fondocaracol-845x684.jpg 845w\" sizes=\"(max-width: 495px) 100vw, 495px\" \/><\/a><\/div><\/div><\/p>\n<\/div><\/div><div class=\"flex_cell no_margin av_one_half  avia-builder-el-4  el_after_av_cell_one_half  avia-builder-el-last   \" ><div class='flex_cell_inner' ><p><div  style='padding-bottom:10px; ' class='av-special-heading av-special-heading-h2    avia-builder-el-5  el_before_av_textblock  avia-builder-el-first  '><h2 class='av-special-heading-tag '  itemprop=\"headline\"  >CARACOL GRANDE<\/h2><div class='special-heading-border'><div class='special-heading-inner-border' ><\/div><\/div><\/div><br \/>\n<section class=\"av_textblock_section \"  itemscope=\"itemscope\" itemtype=\"https:\/\/schema.org\/CreativeWork\" ><div class='avia_textblock  '   itemprop=\"text\" ><h3>FORMAS DE AGUA &#8211; BACHAS<\/h3>\n<h6>Fuente de agua para exterior.<\/h6>\n<p>Materiales cemento y polvo de m\u00e1rmol.<br \/>\nMedidas 44 x 33 x 14 cm.<br \/>\nDise\u00f1o y realizaci\u00f3n Mariana Berdi\u00f1as<\/p>\n<div>Las esculturas formas de agua, son dise\u00f1adas y modeladas de manera que el agua las recorra, generando movimientos r\u00edtmicos, oscilantes o pulsantes. Esto ocurre incluso cuando el agua entra en un flujo constante. El proceso se puede comparar a la creaci\u00f3n de un sonido en un instrumento de viento. El desarrollo de estas formas requiere mucha experimentaci\u00f3n, la forma de cualquier dise\u00f1o puede tardar a\u00f1os en perfeccionarse, es como afinar un instrumento.<\/div>\n<div>Esta forma es posible colocarla sobre el suelo (ripio, o c\u00e9sped, con una cubeta con agua enterrada bajo tierra donde la bomba acciona la circulaci\u00f3n del agua), \u00a0en un estanque, o cubeta circular grande.<\/div>\n<\/div><\/section><\/p>\n<\/div><\/div><\/div>\n","protected":false},"excerpt":{"rendered":"","protected":false},"featured_media":2730,"comment_status":"closed","ping_status":"closed","template":"","tags":[],"portfolio_entries":[24],"yoast_head":"<!-- This site is optimized with the Yoast SEO plugin v22.3 - https:\/\/yoast.com\/wordpress\/plugins\/seo\/ -->\n<title>CARACOL GRANDE - esculturas<\/title>\n<meta name=\"robots\" content=\"index, follow, max-snippet:-1, max-image-preview:large, max-video-preview:-1\" \/>\n<link rel=\"canonical\" href=\"https:\/\/marianaberdinas.com.ar\/esculturas\/portfolio-item\/caracol-grande\/\" \/>\n<meta property=\"og:locale\" content=\"es_ES\" \/>\n<meta property=\"og:type\" content=\"article\" \/>\n<meta property=\"og:title\" content=\"CARACOL GRANDE - esculturas\" \/>\n<meta property=\"og:url\" content=\"https:\/\/marianaberdinas.com.ar\/esculturas\/portfolio-item\/caracol-grande\/\" \/>\n<meta property=\"og:site_name\" content=\"esculturas\" \/>\n<meta property=\"og:image\" content=\"https:\/\/marianaberdinas.com.ar\/esculturas\/wp-content\/uploads\/2022\/01\/fondocaracol.jpg\" \/>\n\t<meta property=\"og:image:width\" content=\"2000\" \/>\n\t<meta property=\"og:image:height\" content=\"1502\" \/>\n\t<meta property=\"og:image:type\" content=\"image\/jpeg\" \/>\n<meta name=\"twitter:card\" content=\"summary_large_image\" \/>\n<meta name=\"twitter:label1\" content=\"Tiempo de lectura\" \/>\n\t<meta name=\"twitter:data1\" content=\"2 minutos\" \/>\n<script type=\"application\/ld+json\" class=\"yoast-schema-graph\">{\"@context\":\"https:\/\/schema.org\",\"@graph\":[{\"@type\":\"WebPage\",\"@id\":\"https:\/\/marianaberdinas.com.ar\/esculturas\/portfolio-item\/caracol-grande\/\",\"url\":\"https:\/\/marianaberdinas.com.ar\/esculturas\/portfolio-item\/caracol-grande\/\",\"name\":\"CARACOL GRANDE - esculturas\",\"isPartOf\":{\"@id\":\"https:\/\/marianaberdinas.com.ar\/esculturas\/#website\"},\"primaryImageOfPage\":{\"@id\":\"https:\/\/marianaberdinas.com.ar\/esculturas\/portfolio-item\/caracol-grande\/#primaryimage\"},\"image\":{\"@id\":\"https:\/\/marianaberdinas.com.ar\/esculturas\/portfolio-item\/caracol-grande\/#primaryimage\"},\"thumbnailUrl\":\"https:\/\/marianaberdinas.com.ar\/esculturas\/wp-content\/uploads\/2022\/01\/fondocaracol.jpg\",\"datePublished\":\"2022-01-28T17:14:05+00:00\",\"dateModified\":\"2022-01-28T17:14:05+00:00\",\"breadcrumb\":{\"@id\":\"https:\/\/marianaberdinas.com.ar\/esculturas\/portfolio-item\/caracol-grande\/#breadcrumb\"},\"inLanguage\":\"es\",\"potentialAction\":[{\"@type\":\"ReadAction\",\"target\":[\"https:\/\/marianaberdinas.com.ar\/esculturas\/portfolio-item\/caracol-grande\/\"]}]},{\"@type\":\"ImageObject\",\"inLanguage\":\"es\",\"@id\":\"https:\/\/marianaberdinas.com.ar\/esculturas\/portfolio-item\/caracol-grande\/#primaryimage\",\"url\":\"https:\/\/marianaberdinas.com.ar\/esculturas\/wp-content\/uploads\/2022\/01\/fondocaracol.jpg\",\"contentUrl\":\"https:\/\/marianaberdinas.com.ar\/esculturas\/wp-content\/uploads\/2022\/01\/fondocaracol.jpg\",\"width\":2000,\"height\":1502},{\"@type\":\"BreadcrumbList\",\"@id\":\"https:\/\/marianaberdinas.com.ar\/esculturas\/portfolio-item\/caracol-grande\/#breadcrumb\",\"itemListElement\":[{\"@type\":\"ListItem\",\"position\":1,\"name\":\"Portada\",\"item\":\"https:\/\/marianaberdinas.com.ar\/esculturas\/cursos-moldes-resinas-arte-dibujo-pintura\/\"},{\"@type\":\"ListItem\",\"position\":2,\"name\":\"CARACOL GRANDE\"}]},{\"@type\":\"WebSite\",\"@id\":\"https:\/\/marianaberdinas.com.ar\/esculturas\/#website\",\"url\":\"https:\/\/marianaberdinas.com.ar\/esculturas\/\",\"name\":\"esculturas\",\"description\":\"Just another WordPress site\",\"potentialAction\":[{\"@type\":\"SearchAction\",\"target\":{\"@type\":\"EntryPoint\",\"urlTemplate\":\"https:\/\/marianaberdinas.com.ar\/esculturas\/?s={search_term_string}\"},\"query-input\":\"required name=search_term_string\"}],\"inLanguage\":\"es\"}]}<\/script>\n<!-- \/ Yoast SEO plugin. -->","yoast_head_json":{"title":"CARACOL GRANDE - esculturas","robots":{"index":"index","follow":"follow","max-snippet":"max-snippet:-1","max-image-preview":"max-image-preview:large","max-video-preview":"max-video-preview:-1"},"canonical":"https:\/\/marianaberdinas.com.ar\/esculturas\/portfolio-item\/caracol-grande\/","og_locale":"es_ES","og_type":"article","og_title":"CARACOL GRANDE - esculturas","og_url":"https:\/\/marianaberdinas.com.ar\/esculturas\/portfolio-item\/caracol-grande\/","og_site_name":"esculturas","og_image":[{"width":2000,"height":1502,"url":"https:\/\/marianaberdinas.com.ar\/esculturas\/wp-content\/uploads\/2022\/01\/fondocaracol.jpg","type":"image\/jpeg"}],"twitter_card":"summary_large_image","twitter_misc":{"Tiempo de lectura":"2 minutos"},"schema":{"@context":"https:\/\/schema.org","@graph":[{"@type":"WebPage","@id":"https:\/\/marianaberdinas.com.ar\/esculturas\/portfolio-item\/caracol-grande\/","url":"https:\/\/marianaberdinas.com.ar\/esculturas\/portfolio-item\/caracol-grande\/","name":"CARACOL GRANDE - esculturas","isPartOf":{"@id":"https:\/\/marianaberdinas.com.ar\/esculturas\/#website"},"primaryImageOfPage":{"@id":"https:\/\/marianaberdinas.com.ar\/esculturas\/portfolio-item\/caracol-grande\/#primaryimage"},"image":{"@id":"https:\/\/marianaberdinas.com.ar\/esculturas\/portfolio-item\/caracol-grande\/#primaryimage"},"thumbnailUrl":"https:\/\/marianaberdinas.com.ar\/esculturas\/wp-content\/uploads\/2022\/01\/fondocaracol.jpg","datePublished":"2022-01-28T17:14:05+00:00","dateModified":"2022-01-28T17:14:05+00:00","breadcrumb":{"@id":"https:\/\/marianaberdinas.com.ar\/esculturas\/portfolio-item\/caracol-grande\/#breadcrumb"},"inLanguage":"es","potentialAction":[{"@type":"ReadAction","target":["https:\/\/marianaberdinas.com.ar\/esculturas\/portfolio-item\/caracol-grande\/"]}]},{"@type":"ImageObject","inLanguage":"es","@id":"https:\/\/marianaberdinas.com.ar\/esculturas\/portfolio-item\/caracol-grande\/#primaryimage","url":"https:\/\/marianaberdinas.com.ar\/esculturas\/wp-content\/uploads\/2022\/01\/fondocaracol.jpg","contentUrl":"https:\/\/marianaberdinas.com.ar\/esculturas\/wp-content\/uploads\/2022\/01\/fondocaracol.jpg","width":2000,"height":1502},{"@type":"BreadcrumbList","@id":"https:\/\/marianaberdinas.com.ar\/esculturas\/portfolio-item\/caracol-grande\/#breadcrumb","itemListElement":[{"@type":"ListItem","position":1,"name":"Portada","item":"https:\/\/marianaberdinas.com.ar\/esculturas\/cursos-moldes-resinas-arte-dibujo-pintura\/"},{"@type":"ListItem","position":2,"name":"CARACOL GRANDE"}]},{"@type":"WebSite","@id":"https:\/\/marianaberdinas.com.ar\/esculturas\/#website","url":"https:\/\/marianaberdinas.com.ar\/esculturas\/","name":"esculturas","description":"Just another WordPress site","potentialAction":[{"@type":"SearchAction","target":{"@type":"EntryPoint","urlTemplate":"https:\/\/marianaberdinas.com.ar\/esculturas\/?s={search_term_string}"},"query-input":"required name=search_term_string"}],"inLanguage":"es"}]}},"_links":{"self":[{"href":"https:\/\/marianaberdinas.com.ar\/esculturas\/wp-json\/wp\/v2\/portfolio\/2729"}],"collection":[{"href":"https:\/\/marianaberdinas.com.ar\/esculturas\/wp-json\/wp\/v2\/portfolio"}],"about":[{"href":"https:\/\/marianaberdinas.com.ar\/esculturas\/wp-json\/wp\/v2\/types\/portfolio"}],"replies":[{"embeddable":true,"href":"https:\/\/marianaberdinas.com.ar\/esculturas\/wp-json\/wp\/v2\/comments?post=2729"}],"version-history":[{"count":2,"href":"https:\/\/marianaberdinas.com.ar\/esculturas\/wp-json\/wp\/v2\/portfolio\/2729\/revisions"}],"predecessor-version":[{"id":2786,"href":"https:\/\/marianaberdinas.com.ar\/esculturas\/wp-json\/wp\/v2\/portfolio\/2729\/revisions\/2786"}],"wp:featuredmedia":[{"embeddable":true,"href":"https:\/\/marianaberdinas.com.ar\/esculturas\/wp-json\/wp\/v2\/media\/2730"}],"wp:attachment":[{"href":"https:\/\/marianaberdinas.com.ar\/esculturas\/wp-json\/wp\/v2\/media?parent=2729"}],"wp:term":[{"taxonomy":"post_tag","embeddable":true,"href":"https:\/\/marianaberdinas.com.ar\/esculturas\/wp-json\/wp\/v2\/tags?post=2729"},{"taxonomy":"portfolio_entries","embeddable":true,"href":"https:\/\/marianaberdinas.com.ar\/esculturas\/wp-json\/wp\/v2\/portfolio_entries?post=2729"}],"curies":[{"name":"wp","href":"https:\/\/api.w.org\/{rel}","templated":true}]}}