{"id":2717,"date":"2022-01-28T17:06:37","date_gmt":"2022-01-28T17:06:37","guid":{"rendered":"https:\/\/marianaberdinas.com.ar\/esculturas\/?post_type=portfolio&#038;p=2717"},"modified":"2022-01-28T17:08:03","modified_gmt":"2022-01-28T17:08:03","slug":"bacha-caracol","status":"publish","type":"portfolio","link":"https:\/\/marianaberdinas.com.ar\/esculturas\/portfolio-item\/bacha-caracol\/","title":{"rendered":"BACHA CARACOL"},"content":{"rendered":"<div id='av-layout-grid-1'  class='av-layout-grid-container entry-content-wrapper main_color av-flex-cells     avia-builder-el-0  avia-builder-el-no-sibling  container_wrap fullsize' style=' '  >\n<div class=\"flex_cell no_margin av_one_half  avia-builder-el-1  el_before_av_cell_one_half  avia-builder-el-first   \" ><div class='flex_cell_inner' ><div  class='avia-gallery  avia-gallery-1 avia_lazyload avia-gallery-animate avia_animate_when_visible  avia-builder-el-2  avia-builder-el-no-sibling '  itemprop=\"image\" itemscope=\"itemscope\" itemtype=\"https:\/\/schema.org\/ImageObject\" ><a class='avia-gallery-big fakeLightbox lightbox avia-gallery-big-crop-thumb ' href='https:\/\/marianaberdinas.com.ar\/esculturas\/wp-content\/uploads\/2022\/01\/Bacha-caracol-2-1030x773.jpg'  data-onclick='1' title='Bacha caracol 2' ><span class='avia-gallery-big-inner'  itemprop=\"thumbnailUrl\" ><img decoding=\"async\" class=\"wp-image-2718 avia-img-lazy-loading-not-2718\"  width=\"495\" height=\"400\" src=\"https:\/\/marianaberdinas.com.ar\/esculturas\/wp-content\/uploads\/2022\/01\/Bacha-caracol-2-495x400.jpg\" title='Bacha caracol 2' alt='' srcset=\"https:\/\/marianaberdinas.com.ar\/esculturas\/wp-content\/uploads\/2022\/01\/Bacha-caracol-2-495x400.jpg 495w, https:\/\/marianaberdinas.com.ar\/esculturas\/wp-content\/uploads\/2022\/01\/Bacha-caracol-2-845x684.jpg 845w\" sizes=\"(max-width: 495px) 100vw, 495px\" \/><\/span><\/a><div class='avia-gallery-thumb'> <a href='https:\/\/marianaberdinas.com.ar\/esculturas\/wp-content\/uploads\/2022\/01\/Bacha-caracol-2-1030x773.jpg' data-rel='gallery-1' data-prev-img='https:\/\/marianaberdinas.com.ar\/esculturas\/wp-content\/uploads\/2022\/01\/Bacha-caracol-2-495x400.jpg' class='first_thumb lightbox ' data-onclick='1' title='Bacha caracol 2'  itemprop=\"thumbnailUrl\"  ><img decoding=\"async\" class=\"wp-image-2718 avia-img-lazy-loading-not-2718\"   src=\"https:\/\/marianaberdinas.com.ar\/esculturas\/wp-content\/uploads\/2022\/01\/Bacha-caracol-2-495x400.jpg\" width=\"495\" height=\"400\"  title='Bacha caracol 2' alt='' srcset=\"https:\/\/marianaberdinas.com.ar\/esculturas\/wp-content\/uploads\/2022\/01\/Bacha-caracol-2-495x400.jpg 495w, https:\/\/marianaberdinas.com.ar\/esculturas\/wp-content\/uploads\/2022\/01\/Bacha-caracol-2-845x684.jpg 845w\" sizes=\"(max-width: 495px) 100vw, 495px\" \/><\/a> <a href='https:\/\/marianaberdinas.com.ar\/esculturas\/wp-content\/uploads\/2022\/01\/Bacha-caracol-3-1030x773.jpg' data-rel='gallery-1' data-prev-img='https:\/\/marianaberdinas.com.ar\/esculturas\/wp-content\/uploads\/2022\/01\/Bacha-caracol-3-495x400.jpg' class='lightbox ' data-onclick='2' title='Bacha caracol 3'  itemprop=\"thumbnailUrl\"  ><img decoding=\"async\" class=\"wp-image-2719 avia-img-lazy-loading-not-2719\"   src=\"https:\/\/marianaberdinas.com.ar\/esculturas\/wp-content\/uploads\/2022\/01\/Bacha-caracol-3-495x400.jpg\" width=\"495\" height=\"400\"  title='Bacha caracol 3' alt='' srcset=\"https:\/\/marianaberdinas.com.ar\/esculturas\/wp-content\/uploads\/2022\/01\/Bacha-caracol-3-495x400.jpg 495w, https:\/\/marianaberdinas.com.ar\/esculturas\/wp-content\/uploads\/2022\/01\/Bacha-caracol-3-845x684.jpg 845w\" sizes=\"(max-width: 495px) 100vw, 495px\" \/><\/a> <a href='https:\/\/marianaberdinas.com.ar\/esculturas\/wp-content\/uploads\/2022\/01\/Bacha-caracol-blanca-1030x781.jpg' data-rel='gallery-1' data-prev-img='https:\/\/marianaberdinas.com.ar\/esculturas\/wp-content\/uploads\/2022\/01\/Bacha-caracol-blanca-495x400.jpg' class='lightbox ' data-onclick='3' title='Bacha caracol blanca'  itemprop=\"thumbnailUrl\"  ><img decoding=\"async\" class=\"wp-image-2720 avia-img-lazy-loading-not-2720\"   src=\"https:\/\/marianaberdinas.com.ar\/esculturas\/wp-content\/uploads\/2022\/01\/Bacha-caracol-blanca-495x400.jpg\" width=\"495\" height=\"400\"  title='Bacha caracol blanca' alt='' srcset=\"https:\/\/marianaberdinas.com.ar\/esculturas\/wp-content\/uploads\/2022\/01\/Bacha-caracol-blanca-495x400.jpg 495w, https:\/\/marianaberdinas.com.ar\/esculturas\/wp-content\/uploads\/2022\/01\/Bacha-caracol-blanca-845x684.jpg 845w\" sizes=\"(max-width: 495px) 100vw, 495px\" \/><\/a> <a href='https:\/\/marianaberdinas.com.ar\/esculturas\/wp-content\/uploads\/2022\/01\/Bacha-caracol-detalle-1030x773.jpg' data-rel='gallery-1' data-prev-img='https:\/\/marianaberdinas.com.ar\/esculturas\/wp-content\/uploads\/2022\/01\/Bacha-caracol-detalle-495x400.jpg' class='lightbox ' data-onclick='4' title='Bacha caracol detalle'  itemprop=\"thumbnailUrl\"  ><img decoding=\"async\" class=\"wp-image-2721 avia-img-lazy-loading-not-2721\"   src=\"https:\/\/marianaberdinas.com.ar\/esculturas\/wp-content\/uploads\/2022\/01\/Bacha-caracol-detalle-495x400.jpg\" width=\"495\" height=\"400\"  title='Bacha caracol detalle' alt='' srcset=\"https:\/\/marianaberdinas.com.ar\/esculturas\/wp-content\/uploads\/2022\/01\/Bacha-caracol-detalle-495x400.jpg 495w, https:\/\/marianaberdinas.com.ar\/esculturas\/wp-content\/uploads\/2022\/01\/Bacha-caracol-detalle-845x684.jpg 845w\" sizes=\"(max-width: 495px) 100vw, 495px\" \/><\/a> <a href='https:\/\/marianaberdinas.com.ar\/esculturas\/wp-content\/uploads\/2022\/01\/Bacha-caracol-fondo-madera-1030x772.jpg' data-rel='gallery-1' data-prev-img='https:\/\/marianaberdinas.com.ar\/esculturas\/wp-content\/uploads\/2022\/01\/Bacha-caracol-fondo-madera-495x400.jpg' class='first_thumb lightbox ' data-onclick='5' title='Bacha caracol fondo madera'  itemprop=\"thumbnailUrl\"  ><img decoding=\"async\" class=\"wp-image-2722 avia-img-lazy-loading-not-2722\"   src=\"https:\/\/marianaberdinas.com.ar\/esculturas\/wp-content\/uploads\/2022\/01\/Bacha-caracol-fondo-madera-495x400.jpg\" width=\"495\" height=\"400\"  title='Bacha caracol fondo madera' alt='' srcset=\"https:\/\/marianaberdinas.com.ar\/esculturas\/wp-content\/uploads\/2022\/01\/Bacha-caracol-fondo-madera-495x400.jpg 495w, https:\/\/marianaberdinas.com.ar\/esculturas\/wp-content\/uploads\/2022\/01\/Bacha-caracol-fondo-madera-845x684.jpg 845w\" sizes=\"(max-width: 495px) 100vw, 495px\" \/><\/a> <a href='https:\/\/marianaberdinas.com.ar\/esculturas\/wp-content\/uploads\/2022\/01\/Bacha-caracol-venecita-1030x890.jpg' data-rel='gallery-1' data-prev-img='https:\/\/marianaberdinas.com.ar\/esculturas\/wp-content\/uploads\/2022\/01\/Bacha-caracol-venecita-495x400.jpg' class='lightbox ' data-onclick='6' title='Bacha caracol venecita'  itemprop=\"thumbnailUrl\"  ><img decoding=\"async\" class=\"wp-image-2723 avia-img-lazy-loading-not-2723\"   src=\"https:\/\/marianaberdinas.com.ar\/esculturas\/wp-content\/uploads\/2022\/01\/Bacha-caracol-venecita-495x400.jpg\" width=\"495\" height=\"400\"  title='Bacha caracol venecita' alt='' srcset=\"https:\/\/marianaberdinas.com.ar\/esculturas\/wp-content\/uploads\/2022\/01\/Bacha-caracol-venecita-495x400.jpg 495w, https:\/\/marianaberdinas.com.ar\/esculturas\/wp-content\/uploads\/2022\/01\/Bacha-caracol-venecita-845x684.jpg 845w\" sizes=\"(max-width: 495px) 100vw, 495px\" \/><\/a> <a href='https:\/\/marianaberdinas.com.ar\/esculturas\/wp-content\/uploads\/2022\/01\/bacha-vista-arriba-1030x773.jpg' data-rel='gallery-1' data-prev-img='https:\/\/marianaberdinas.com.ar\/esculturas\/wp-content\/uploads\/2022\/01\/bacha-vista-arriba-495x400.jpg' class='lightbox ' data-onclick='7' title='bacha vista arriba'  itemprop=\"thumbnailUrl\"  ><img decoding=\"async\" class=\"wp-image-2724 avia-img-lazy-loading-not-2724\"   src=\"https:\/\/marianaberdinas.com.ar\/esculturas\/wp-content\/uploads\/2022\/01\/bacha-vista-arriba-495x400.jpg\" width=\"495\" height=\"400\"  title='bacha vista arriba' alt='' srcset=\"https:\/\/marianaberdinas.com.ar\/esculturas\/wp-content\/uploads\/2022\/01\/bacha-vista-arriba-495x400.jpg 495w, https:\/\/marianaberdinas.com.ar\/esculturas\/wp-content\/uploads\/2022\/01\/bacha-vista-arriba-845x684.jpg 845w\" sizes=\"(max-width: 495px) 100vw, 495px\" \/><\/a> <a href='https:\/\/marianaberdinas.com.ar\/esculturas\/wp-content\/uploads\/2022\/01\/Bachas-753x1030.jpg' data-rel='gallery-1' data-prev-img='https:\/\/marianaberdinas.com.ar\/esculturas\/wp-content\/uploads\/2022\/01\/Bachas-495x400.jpg' class='lightbox ' data-onclick='8' title='Bachas'  itemprop=\"thumbnailUrl\"  ><img decoding=\"async\" class=\"wp-image-2725 avia-img-lazy-loading-not-2725\"   src=\"https:\/\/marianaberdinas.com.ar\/esculturas\/wp-content\/uploads\/2022\/01\/Bachas-495x400.jpg\" width=\"495\" height=\"400\"  title='Bachas' alt='' srcset=\"https:\/\/marianaberdinas.com.ar\/esculturas\/wp-content\/uploads\/2022\/01\/Bachas-495x400.jpg 495w, https:\/\/marianaberdinas.com.ar\/esculturas\/wp-content\/uploads\/2022\/01\/Bachas-845x684.jpg 845w\" sizes=\"(max-width: 495px) 100vw, 495px\" \/><\/a><\/div><\/div>\n<\/div><\/div><div class=\"flex_cell no_margin av_one_half  avia-builder-el-3  el_after_av_cell_one_half  avia-builder-el-last   \" ><div class='flex_cell_inner' ><p><div  style='padding-bottom:10px; ' class='av-special-heading av-special-heading-h2    avia-builder-el-4  el_before_av_textblock  avia-builder-el-first  '><h2 class='av-special-heading-tag '  itemprop=\"headline\"  >BACHA CARACOL<\/h2><div class='special-heading-border'><div class='special-heading-inner-border' ><\/div><\/div><\/div><br \/>\n<section class=\"av_textblock_section \"  itemscope=\"itemscope\" itemtype=\"https:\/\/schema.org\/CreativeWork\" ><div class='avia_textblock  '   itemprop=\"text\" ><h3>FORMAS DE AGUA &#8211; BACHAS<\/h3>\n<h6>Materiales cemento y polvo de m\u00e1rmol.<br \/>\nDisponible en resina blanca.<br \/>\nMedidas 44 x 39 x 11 cm<br \/>\nDise\u00f1o y realizaci\u00f3n Mariana Berdi\u00f1as<\/h6>\n<p>Esta obra en forma de caracol, es amplia, el agua se mueve y la recorre con un ritmo suave y acompasado, dando lugar al sonido como el de un arroyo.<br \/>\nEs posible utilizarla en un ba\u00f1o, adaptado a la forma como lavamanos o bacha para manos. Se encuentra entonces un ambiente vivo y cercano a la naturaleza en el interior del hogar, comenzando la ma\u00f1ana de otra manera.<br \/>\nTambi\u00e9n como forma escult\u00f3rica con agua para el exterior.<\/p>\n<\/div><\/section><\/p>\n<\/div><\/div><\/div>\n","protected":false},"excerpt":{"rendered":"","protected":false},"featured_media":2724,"comment_status":"closed","ping_status":"closed","template":"","tags":[],"portfolio_entries":[24],"yoast_head":"<!-- This site is optimized with the Yoast SEO plugin v22.3 - https:\/\/yoast.com\/wordpress\/plugins\/seo\/ -->\n<title>BACHA CARACOL - esculturas<\/title>\n<meta name=\"robots\" content=\"index, follow, max-snippet:-1, max-image-preview:large, max-video-preview:-1\" \/>\n<link rel=\"canonical\" href=\"https:\/\/marianaberdinas.com.ar\/esculturas\/portfolio-item\/bacha-caracol\/\" \/>\n<meta property=\"og:locale\" content=\"es_ES\" \/>\n<meta property=\"og:type\" content=\"article\" \/>\n<meta property=\"og:title\" content=\"BACHA CARACOL - esculturas\" \/>\n<meta property=\"og:url\" content=\"https:\/\/marianaberdinas.com.ar\/esculturas\/portfolio-item\/bacha-caracol\/\" \/>\n<meta property=\"og:site_name\" content=\"esculturas\" \/>\n<meta property=\"article:modified_time\" content=\"2022-01-28T17:08:03+00:00\" \/>\n<meta property=\"og:image\" content=\"https:\/\/marianaberdinas.com.ar\/esculturas\/wp-content\/uploads\/2022\/01\/bacha-vista-arriba.jpg\" \/>\n\t<meta property=\"og:image:width\" content=\"2000\" \/>\n\t<meta property=\"og:image:height\" content=\"1500\" \/>\n\t<meta property=\"og:image:type\" content=\"image\/jpeg\" \/>\n<meta name=\"twitter:card\" content=\"summary_large_image\" \/>\n<meta name=\"twitter:label1\" content=\"Tiempo de lectura\" \/>\n\t<meta name=\"twitter:data1\" content=\"2 minutos\" \/>\n<script type=\"application\/ld+json\" class=\"yoast-schema-graph\">{\"@context\":\"https:\/\/schema.org\",\"@graph\":[{\"@type\":\"WebPage\",\"@id\":\"https:\/\/marianaberdinas.com.ar\/esculturas\/portfolio-item\/bacha-caracol\/\",\"url\":\"https:\/\/marianaberdinas.com.ar\/esculturas\/portfolio-item\/bacha-caracol\/\",\"name\":\"BACHA CARACOL - esculturas\",\"isPartOf\":{\"@id\":\"https:\/\/marianaberdinas.com.ar\/esculturas\/#website\"},\"primaryImageOfPage\":{\"@id\":\"https:\/\/marianaberdinas.com.ar\/esculturas\/portfolio-item\/bacha-caracol\/#primaryimage\"},\"image\":{\"@id\":\"https:\/\/marianaberdinas.com.ar\/esculturas\/portfolio-item\/bacha-caracol\/#primaryimage\"},\"thumbnailUrl\":\"https:\/\/marianaberdinas.com.ar\/esculturas\/wp-content\/uploads\/2022\/01\/bacha-vista-arriba.jpg\",\"datePublished\":\"2022-01-28T17:06:37+00:00\",\"dateModified\":\"2022-01-28T17:08:03+00:00\",\"breadcrumb\":{\"@id\":\"https:\/\/marianaberdinas.com.ar\/esculturas\/portfolio-item\/bacha-caracol\/#breadcrumb\"},\"inLanguage\":\"es\",\"potentialAction\":[{\"@type\":\"ReadAction\",\"target\":[\"https:\/\/marianaberdinas.com.ar\/esculturas\/portfolio-item\/bacha-caracol\/\"]}]},{\"@type\":\"ImageObject\",\"inLanguage\":\"es\",\"@id\":\"https:\/\/marianaberdinas.com.ar\/esculturas\/portfolio-item\/bacha-caracol\/#primaryimage\",\"url\":\"https:\/\/marianaberdinas.com.ar\/esculturas\/wp-content\/uploads\/2022\/01\/bacha-vista-arriba.jpg\",\"contentUrl\":\"https:\/\/marianaberdinas.com.ar\/esculturas\/wp-content\/uploads\/2022\/01\/bacha-vista-arriba.jpg\",\"width\":2000,\"height\":1500},{\"@type\":\"BreadcrumbList\",\"@id\":\"https:\/\/marianaberdinas.com.ar\/esculturas\/portfolio-item\/bacha-caracol\/#breadcrumb\",\"itemListElement\":[{\"@type\":\"ListItem\",\"position\":1,\"name\":\"Portada\",\"item\":\"https:\/\/marianaberdinas.com.ar\/esculturas\/cursos-moldes-resinas-arte-dibujo-pintura\/\"},{\"@type\":\"ListItem\",\"position\":2,\"name\":\"BACHA CARACOL\"}]},{\"@type\":\"WebSite\",\"@id\":\"https:\/\/marianaberdinas.com.ar\/esculturas\/#website\",\"url\":\"https:\/\/marianaberdinas.com.ar\/esculturas\/\",\"name\":\"esculturas\",\"description\":\"Just another WordPress site\",\"potentialAction\":[{\"@type\":\"SearchAction\",\"target\":{\"@type\":\"EntryPoint\",\"urlTemplate\":\"https:\/\/marianaberdinas.com.ar\/esculturas\/?s={search_term_string}\"},\"query-input\":\"required name=search_term_string\"}],\"inLanguage\":\"es\"}]}<\/script>\n<!-- \/ Yoast SEO plugin. -->","yoast_head_json":{"title":"BACHA CARACOL - esculturas","robots":{"index":"index","follow":"follow","max-snippet":"max-snippet:-1","max-image-preview":"max-image-preview:large","max-video-preview":"max-video-preview:-1"},"canonical":"https:\/\/marianaberdinas.com.ar\/esculturas\/portfolio-item\/bacha-caracol\/","og_locale":"es_ES","og_type":"article","og_title":"BACHA CARACOL - esculturas","og_url":"https:\/\/marianaberdinas.com.ar\/esculturas\/portfolio-item\/bacha-caracol\/","og_site_name":"esculturas","article_modified_time":"2022-01-28T17:08:03+00:00","og_image":[{"width":2000,"height":1500,"url":"https:\/\/marianaberdinas.com.ar\/esculturas\/wp-content\/uploads\/2022\/01\/bacha-vista-arriba.jpg","type":"image\/jpeg"}],"twitter_card":"summary_large_image","twitter_misc":{"Tiempo de lectura":"2 minutos"},"schema":{"@context":"https:\/\/schema.org","@graph":[{"@type":"WebPage","@id":"https:\/\/marianaberdinas.com.ar\/esculturas\/portfolio-item\/bacha-caracol\/","url":"https:\/\/marianaberdinas.com.ar\/esculturas\/portfolio-item\/bacha-caracol\/","name":"BACHA CARACOL - esculturas","isPartOf":{"@id":"https:\/\/marianaberdinas.com.ar\/esculturas\/#website"},"primaryImageOfPage":{"@id":"https:\/\/marianaberdinas.com.ar\/esculturas\/portfolio-item\/bacha-caracol\/#primaryimage"},"image":{"@id":"https:\/\/marianaberdinas.com.ar\/esculturas\/portfolio-item\/bacha-caracol\/#primaryimage"},"thumbnailUrl":"https:\/\/marianaberdinas.com.ar\/esculturas\/wp-content\/uploads\/2022\/01\/bacha-vista-arriba.jpg","datePublished":"2022-01-28T17:06:37+00:00","dateModified":"2022-01-28T17:08:03+00:00","breadcrumb":{"@id":"https:\/\/marianaberdinas.com.ar\/esculturas\/portfolio-item\/bacha-caracol\/#breadcrumb"},"inLanguage":"es","potentialAction":[{"@type":"ReadAction","target":["https:\/\/marianaberdinas.com.ar\/esculturas\/portfolio-item\/bacha-caracol\/"]}]},{"@type":"ImageObject","inLanguage":"es","@id":"https:\/\/marianaberdinas.com.ar\/esculturas\/portfolio-item\/bacha-caracol\/#primaryimage","url":"https:\/\/marianaberdinas.com.ar\/esculturas\/wp-content\/uploads\/2022\/01\/bacha-vista-arriba.jpg","contentUrl":"https:\/\/marianaberdinas.com.ar\/esculturas\/wp-content\/uploads\/2022\/01\/bacha-vista-arriba.jpg","width":2000,"height":1500},{"@type":"BreadcrumbList","@id":"https:\/\/marianaberdinas.com.ar\/esculturas\/portfolio-item\/bacha-caracol\/#breadcrumb","itemListElement":[{"@type":"ListItem","position":1,"name":"Portada","item":"https:\/\/marianaberdinas.com.ar\/esculturas\/cursos-moldes-resinas-arte-dibujo-pintura\/"},{"@type":"ListItem","position":2,"name":"BACHA CARACOL"}]},{"@type":"WebSite","@id":"https:\/\/marianaberdinas.com.ar\/esculturas\/#website","url":"https:\/\/marianaberdinas.com.ar\/esculturas\/","name":"esculturas","description":"Just another WordPress site","potentialAction":[{"@type":"SearchAction","target":{"@type":"EntryPoint","urlTemplate":"https:\/\/marianaberdinas.com.ar\/esculturas\/?s={search_term_string}"},"query-input":"required name=search_term_string"}],"inLanguage":"es"}]}},"_links":{"self":[{"href":"https:\/\/marianaberdinas.com.ar\/esculturas\/wp-json\/wp\/v2\/portfolio\/2717"}],"collection":[{"href":"https:\/\/marianaberdinas.com.ar\/esculturas\/wp-json\/wp\/v2\/portfolio"}],"about":[{"href":"https:\/\/marianaberdinas.com.ar\/esculturas\/wp-json\/wp\/v2\/types\/portfolio"}],"replies":[{"embeddable":true,"href":"https:\/\/marianaberdinas.com.ar\/esculturas\/wp-json\/wp\/v2\/comments?post=2717"}],"version-history":[{"count":3,"href":"https:\/\/marianaberdinas.com.ar\/esculturas\/wp-json\/wp\/v2\/portfolio\/2717\/revisions"}],"predecessor-version":[{"id":2727,"href":"https:\/\/marianaberdinas.com.ar\/esculturas\/wp-json\/wp\/v2\/portfolio\/2717\/revisions\/2727"}],"wp:featuredmedia":[{"embeddable":true,"href":"https:\/\/marianaberdinas.com.ar\/esculturas\/wp-json\/wp\/v2\/media\/2724"}],"wp:attachment":[{"href":"https:\/\/marianaberdinas.com.ar\/esculturas\/wp-json\/wp\/v2\/media?parent=2717"}],"wp:term":[{"taxonomy":"post_tag","embeddable":true,"href":"https:\/\/marianaberdinas.com.ar\/esculturas\/wp-json\/wp\/v2\/tags?post=2717"},{"taxonomy":"portfolio_entries","embeddable":true,"href":"https:\/\/marianaberdinas.com.ar\/esculturas\/wp-json\/wp\/v2\/portfolio_entries?post=2717"}],"curies":[{"name":"wp","href":"https:\/\/api.w.org\/{rel}","templated":true}]}}