{"id":2701,"date":"2022-01-28T16:55:03","date_gmt":"2022-01-28T16:55:03","guid":{"rendered":"https:\/\/marianaberdinas.com.ar\/esculturas\/?post_type=portfolio&#038;p=2701"},"modified":"2022-01-28T16:58:29","modified_gmt":"2022-01-28T16:58:29","slug":"espiral-cuadrada","status":"publish","type":"portfolio","link":"https:\/\/marianaberdinas.com.ar\/esculturas\/portfolio-item\/espiral-cuadrada\/","title":{"rendered":"ESPIRAL CUADRADA"},"content":{"rendered":"<div id='av-layout-grid-1'  class='av-layout-grid-container entry-content-wrapper main_color av-flex-cells     avia-builder-el-0  avia-builder-el-no-sibling  container_wrap fullsize' style=' '  >\n<div class=\"flex_cell no_margin av_one_half  avia-builder-el-1  el_before_av_cell_one_half  avia-builder-el-first   \" ><div class='flex_cell_inner' ><div  class='avia-image-container  av-styling-    avia-builder-el-2  avia-builder-el-no-sibling  avia-align-center '  itemprop=\"image\" itemscope=\"itemscope\" itemtype=\"https:\/\/schema.org\/ImageObject\"  ><div class='avia-image-container-inner'><div class='avia-image-overlay-wrap'><img decoding=\"async\" class='wp-image-2702 avia-img-lazy-loading-not-2702 avia_image' src=\"https:\/\/marianaberdinas.com.ar\/esculturas\/wp-content\/uploads\/2022\/01\/Cuadrada-detalle-1030x1030.jpg\" alt='' title='CUADRADA' height=\"1030\" width=\"1030\"  itemprop=\"thumbnailUrl\" srcset=\"https:\/\/marianaberdinas.com.ar\/esculturas\/wp-content\/uploads\/2022\/01\/Cuadrada-detalle-1030x1030.jpg 1030w, https:\/\/marianaberdinas.com.ar\/esculturas\/wp-content\/uploads\/2022\/01\/Cuadrada-detalle-300x300.jpg 300w, https:\/\/marianaberdinas.com.ar\/esculturas\/wp-content\/uploads\/2022\/01\/Cuadrada-detalle-80x80.jpg 80w, https:\/\/marianaberdinas.com.ar\/esculturas\/wp-content\/uploads\/2022\/01\/Cuadrada-detalle-768x768.jpg 768w, https:\/\/marianaberdinas.com.ar\/esculturas\/wp-content\/uploads\/2022\/01\/Cuadrada-detalle-1536x1536.jpg 1536w, https:\/\/marianaberdinas.com.ar\/esculturas\/wp-content\/uploads\/2022\/01\/Cuadrada-detalle-36x36.jpg 36w, https:\/\/marianaberdinas.com.ar\/esculturas\/wp-content\/uploads\/2022\/01\/Cuadrada-detalle-180x180.jpg 180w, https:\/\/marianaberdinas.com.ar\/esculturas\/wp-content\/uploads\/2022\/01\/Cuadrada-detalle-1500x1500.jpg 1500w, https:\/\/marianaberdinas.com.ar\/esculturas\/wp-content\/uploads\/2022\/01\/Cuadrada-detalle-705x705.jpg 705w, https:\/\/marianaberdinas.com.ar\/esculturas\/wp-content\/uploads\/2022\/01\/Cuadrada-detalle.jpg 2000w\" sizes=\"(max-width: 1030px) 100vw, 1030px\" \/><\/div><\/div><\/div>\n<\/div><\/div><div class=\"flex_cell no_margin av_one_half  avia-builder-el-3  el_after_av_cell_one_half  avia-builder-el-last   \" ><div class='flex_cell_inner' ><p><div  style='padding-bottom:10px; ' class='av-special-heading av-special-heading-h2    avia-builder-el-4  el_before_av_textblock  avia-builder-el-first  '><h2 class='av-special-heading-tag '  itemprop=\"headline\"  >ESPIRAL CUADRADA<\/h2><div class='special-heading-border'><div class='special-heading-inner-border' ><\/div><\/div><\/div><br \/>\n<section class=\"av_textblock_section \"  itemscope=\"itemscope\" itemtype=\"https:\/\/schema.org\/CreativeWork\" ><div class='avia_textblock  '   itemprop=\"text\" ><h3>FORMAS DE AGUA &#8211; BACHAS<\/h3>\n<h6>Materiales cemento y polvo de m\u00e1rmol.<br \/>\nMedidas 44 x 33 x 14 cm.<br \/>\nDise\u00f1o y realizaci\u00f3n Mariana Berdi\u00f1as<\/h6>\n<p>Los beneficios de formas de agua no son de ninguna manera puramente est\u00e9ticos. Se han dise\u00f1ado respetando la naturaleza inherente del agua y con el deseo de mejorar su capacidad de soporte vital. El agua recorre la forma oxigen\u00e1ndose, y vivific\u00e1ndose. La belleza de la forma, y el sonido del agua, acompa\u00f1an al ambiente.<\/p>\n<\/div><\/section><br \/>\n<div  class='avia-gallery  avia-gallery-1 avia_lazyload avia-gallery-animate avia_animate_when_visible  avia-builder-el-6  el_after_av_textblock  avia-builder-el-last '  itemprop=\"image\" itemscope=\"itemscope\" itemtype=\"https:\/\/schema.org\/ImageObject\" ><div class='avia-gallery-thumb'> <a href='https:\/\/marianaberdinas.com.ar\/esculturas\/wp-content\/uploads\/2022\/01\/Bacha-cuadrada-773x1030.jpg' data-rel='gallery-1' data-prev-img='https:\/\/marianaberdinas.com.ar\/esculturas\/wp-content\/uploads\/2022\/01\/Bacha-cuadrada-495x400.jpg' class='first_thumb lightbox ' data-onclick='1' title='Bacha cuadrada'  itemprop=\"thumbnailUrl\"  ><img decoding=\"async\" class=\"wp-image-2705 avia-img-lazy-loading-not-2705\"   src=\"https:\/\/marianaberdinas.com.ar\/esculturas\/wp-content\/uploads\/2022\/01\/Bacha-cuadrada-495x400.jpg\" width=\"495\" height=\"400\"  title='Bacha cuadrada' alt='' srcset=\"https:\/\/marianaberdinas.com.ar\/esculturas\/wp-content\/uploads\/2022\/01\/Bacha-cuadrada-495x400.jpg 495w, https:\/\/marianaberdinas.com.ar\/esculturas\/wp-content\/uploads\/2022\/01\/Bacha-cuadrada-845x684.jpg 845w\" sizes=\"(max-width: 495px) 100vw, 495px\" \/><\/a> <a href='https:\/\/marianaberdinas.com.ar\/esculturas\/wp-content\/uploads\/2022\/01\/bacha-y-mesa-cuadrada-773x1030.jpg' data-rel='gallery-1' data-prev-img='https:\/\/marianaberdinas.com.ar\/esculturas\/wp-content\/uploads\/2022\/01\/bacha-y-mesa-cuadrada-495x400.jpg' class='lightbox ' data-onclick='2' title='bacha y mesa cuadrada'  itemprop=\"thumbnailUrl\"  ><img decoding=\"async\" class=\"wp-image-2706 avia-img-lazy-loading-not-2706\"   src=\"https:\/\/marianaberdinas.com.ar\/esculturas\/wp-content\/uploads\/2022\/01\/bacha-y-mesa-cuadrada-495x400.jpg\" width=\"495\" height=\"400\"  title='bacha y mesa cuadrada' alt='' srcset=\"https:\/\/marianaberdinas.com.ar\/esculturas\/wp-content\/uploads\/2022\/01\/bacha-y-mesa-cuadrada-495x400.jpg 495w, https:\/\/marianaberdinas.com.ar\/esculturas\/wp-content\/uploads\/2022\/01\/bacha-y-mesa-cuadrada-845x684.jpg 845w\" sizes=\"(max-width: 495px) 100vw, 495px\" \/><\/a> <a href='https:\/\/marianaberdinas.com.ar\/esculturas\/wp-content\/uploads\/2022\/01\/bachacuadradaycaracol-773x1030.jpg' data-rel='gallery-1' data-prev-img='https:\/\/marianaberdinas.com.ar\/esculturas\/wp-content\/uploads\/2022\/01\/bachacuadradaycaracol-495x400.jpg' class='lightbox ' data-onclick='3' title='bachacuadradaycaracol'  itemprop=\"thumbnailUrl\"  ><img decoding=\"async\" class=\"wp-image-2707 avia-img-lazy-loading-not-2707\"   src=\"https:\/\/marianaberdinas.com.ar\/esculturas\/wp-content\/uploads\/2022\/01\/bachacuadradaycaracol-495x400.jpg\" width=\"495\" height=\"400\"  title='bachacuadradaycaracol' alt='' srcset=\"https:\/\/marianaberdinas.com.ar\/esculturas\/wp-content\/uploads\/2022\/01\/bachacuadradaycaracol-495x400.jpg 495w, https:\/\/marianaberdinas.com.ar\/esculturas\/wp-content\/uploads\/2022\/01\/bachacuadradaycaracol-845x684.jpg 845w\" sizes=\"(max-width: 495px) 100vw, 495px\" \/><\/a> <a href='https:\/\/marianaberdinas.com.ar\/esculturas\/wp-content\/uploads\/2022\/01\/Cuadrada-piedras-detalle-1030x771.jpg' data-rel='gallery-1' data-prev-img='https:\/\/marianaberdinas.com.ar\/esculturas\/wp-content\/uploads\/2022\/01\/Cuadrada-piedras-detalle-495x400.jpg' class='lightbox ' data-onclick='4' title='Cuadrada piedras detalle'  itemprop=\"thumbnailUrl\"  ><img decoding=\"async\" class=\"wp-image-2708 avia-img-lazy-loading-not-2708\"   src=\"https:\/\/marianaberdinas.com.ar\/esculturas\/wp-content\/uploads\/2022\/01\/Cuadrada-piedras-detalle-495x400.jpg\" width=\"495\" height=\"400\"  title='Cuadrada piedras detalle' alt='' srcset=\"https:\/\/marianaberdinas.com.ar\/esculturas\/wp-content\/uploads\/2022\/01\/Cuadrada-piedras-detalle-495x400.jpg 495w, https:\/\/marianaberdinas.com.ar\/esculturas\/wp-content\/uploads\/2022\/01\/Cuadrada-piedras-detalle-845x684.jpg 845w\" sizes=\"(max-width: 495px) 100vw, 495px\" \/><\/a> <a href='https:\/\/marianaberdinas.com.ar\/esculturas\/wp-content\/uploads\/2022\/01\/detalle-cuadrada-1030x773.jpg' data-rel='gallery-1' data-prev-img='https:\/\/marianaberdinas.com.ar\/esculturas\/wp-content\/uploads\/2022\/01\/detalle-cuadrada-495x400.jpg' class='lightbox ' data-onclick='5' title='detalle cuadrada'  itemprop=\"thumbnailUrl\"  ><img decoding=\"async\" class=\"wp-image-2709 avia-img-lazy-loading-not-2709\"   src=\"https:\/\/marianaberdinas.com.ar\/esculturas\/wp-content\/uploads\/2022\/01\/detalle-cuadrada-495x400.jpg\" width=\"495\" height=\"400\"  title='detalle cuadrada' alt='' srcset=\"https:\/\/marianaberdinas.com.ar\/esculturas\/wp-content\/uploads\/2022\/01\/detalle-cuadrada-495x400.jpg 495w, https:\/\/marianaberdinas.com.ar\/esculturas\/wp-content\/uploads\/2022\/01\/detalle-cuadrada-845x684.jpg 845w\" sizes=\"(max-width: 495px) 100vw, 495px\" \/><\/a> <a href='https:\/\/marianaberdinas.com.ar\/esculturas\/wp-content\/uploads\/2022\/01\/detalle-piedras-2-1030x773.jpg' data-rel='gallery-1' data-prev-img='https:\/\/marianaberdinas.com.ar\/esculturas\/wp-content\/uploads\/2022\/01\/detalle-piedras-2-495x400.jpg' class='first_thumb lightbox ' data-onclick='6' title='detalle piedras 2'  itemprop=\"thumbnailUrl\"  ><img decoding=\"async\" class=\"wp-image-2710 avia-img-lazy-loading-not-2710\"   src=\"https:\/\/marianaberdinas.com.ar\/esculturas\/wp-content\/uploads\/2022\/01\/detalle-piedras-2-495x400.jpg\" width=\"495\" height=\"400\"  title='detalle piedras 2' alt='' srcset=\"https:\/\/marianaberdinas.com.ar\/esculturas\/wp-content\/uploads\/2022\/01\/detalle-piedras-2-495x400.jpg 495w, https:\/\/marianaberdinas.com.ar\/esculturas\/wp-content\/uploads\/2022\/01\/detalle-piedras-2-845x684.jpg 845w\" sizes=\"(max-width: 495px) 100vw, 495px\" \/><\/a> <a href='https:\/\/marianaberdinas.com.ar\/esculturas\/wp-content\/uploads\/2022\/01\/detalle-piedras-sur-1030x773.jpg' data-rel='gallery-1' data-prev-img='https:\/\/marianaberdinas.com.ar\/esculturas\/wp-content\/uploads\/2022\/01\/detalle-piedras-sur-495x400.jpg' class='lightbox ' data-onclick='7' title='detalle piedras sur'  itemprop=\"thumbnailUrl\"  ><img decoding=\"async\" class=\"wp-image-2711 avia-img-lazy-loading-not-2711\"   src=\"https:\/\/marianaberdinas.com.ar\/esculturas\/wp-content\/uploads\/2022\/01\/detalle-piedras-sur-495x400.jpg\" width=\"495\" height=\"400\"  title='detalle piedras sur' alt='' srcset=\"https:\/\/marianaberdinas.com.ar\/esculturas\/wp-content\/uploads\/2022\/01\/detalle-piedras-sur-495x400.jpg 495w, https:\/\/marianaberdinas.com.ar\/esculturas\/wp-content\/uploads\/2022\/01\/detalle-piedras-sur-845x684.jpg 845w\" sizes=\"(max-width: 495px) 100vw, 495px\" \/><\/a> <a href='https:\/\/marianaberdinas.com.ar\/esculturas\/wp-content\/uploads\/2022\/01\/vista-cuadrada-773x1030.jpg' data-rel='gallery-1' data-prev-img='https:\/\/marianaberdinas.com.ar\/esculturas\/wp-content\/uploads\/2022\/01\/vista-cuadrada-495x400.jpg' class='lightbox ' data-onclick='8' title='vista cuadrada'  itemprop=\"thumbnailUrl\"  ><img decoding=\"async\" class=\"wp-image-2712 avia-img-lazy-loading-not-2712\"   src=\"https:\/\/marianaberdinas.com.ar\/esculturas\/wp-content\/uploads\/2022\/01\/vista-cuadrada-495x400.jpg\" width=\"495\" height=\"400\"  title='vista cuadrada' alt='' srcset=\"https:\/\/marianaberdinas.com.ar\/esculturas\/wp-content\/uploads\/2022\/01\/vista-cuadrada-495x400.jpg 495w, https:\/\/marianaberdinas.com.ar\/esculturas\/wp-content\/uploads\/2022\/01\/vista-cuadrada-845x684.jpg 845w\" sizes=\"(max-width: 495px) 100vw, 495px\" \/><\/a> <a href='https:\/\/marianaberdinas.com.ar\/esculturas\/wp-content\/uploads\/2022\/01\/vista-lateral-feria-773x1030.jpg' data-rel='gallery-1' data-prev-img='https:\/\/marianaberdinas.com.ar\/esculturas\/wp-content\/uploads\/2022\/01\/vista-lateral-feria-495x400.jpg' class='lightbox ' data-onclick='9' title='vista lateral feria'  itemprop=\"thumbnailUrl\"  ><img decoding=\"async\" class=\"wp-image-2713 avia-img-lazy-loading-not-2713\"   src=\"https:\/\/marianaberdinas.com.ar\/esculturas\/wp-content\/uploads\/2022\/01\/vista-lateral-feria-495x400.jpg\" width=\"495\" height=\"400\"  title='vista lateral feria' alt='' srcset=\"https:\/\/marianaberdinas.com.ar\/esculturas\/wp-content\/uploads\/2022\/01\/vista-lateral-feria-495x400.jpg 495w, https:\/\/marianaberdinas.com.ar\/esculturas\/wp-content\/uploads\/2022\/01\/vista-lateral-feria-845x684.jpg 845w\" sizes=\"(max-width: 495px) 100vw, 495px\" \/><\/a> <a href='https:\/\/marianaberdinas.com.ar\/esculturas\/wp-content\/uploads\/2022\/01\/vista-lateral-773x1030.jpg' data-rel='gallery-1' data-prev-img='https:\/\/marianaberdinas.com.ar\/esculturas\/wp-content\/uploads\/2022\/01\/vista-lateral-495x400.jpg' class='lightbox ' data-onclick='10' title='vista lateral'  itemprop=\"thumbnailUrl\"  ><img decoding=\"async\" class=\"wp-image-2714 avia-img-lazy-loading-not-2714\"   src=\"https:\/\/marianaberdinas.com.ar\/esculturas\/wp-content\/uploads\/2022\/01\/vista-lateral-495x400.jpg\" width=\"495\" height=\"400\"  title='vista lateral' alt='' srcset=\"https:\/\/marianaberdinas.com.ar\/esculturas\/wp-content\/uploads\/2022\/01\/vista-lateral-495x400.jpg 495w, https:\/\/marianaberdinas.com.ar\/esculturas\/wp-content\/uploads\/2022\/01\/vista-lateral-845x684.jpg 845w\" sizes=\"(max-width: 495px) 100vw, 495px\" \/><\/a><\/div><\/div><\/p>\n<\/div><\/div><\/div>\n","protected":false},"excerpt":{"rendered":"","protected":false},"featured_media":2702,"comment_status":"open","ping_status":"closed","template":"","tags":[],"portfolio_entries":[24],"yoast_head":"<!-- This site is optimized with the Yoast SEO plugin v22.3 - https:\/\/yoast.com\/wordpress\/plugins\/seo\/ -->\n<title>ESPIRAL CUADRADA - esculturas<\/title>\n<meta name=\"robots\" content=\"index, follow, max-snippet:-1, max-image-preview:large, max-video-preview:-1\" \/>\n<link rel=\"canonical\" href=\"https:\/\/marianaberdinas.com.ar\/esculturas\/portfolio-item\/espiral-cuadrada\/\" \/>\n<meta property=\"og:locale\" content=\"es_ES\" \/>\n<meta property=\"og:type\" content=\"article\" \/>\n<meta property=\"og:title\" content=\"ESPIRAL CUADRADA - esculturas\" \/>\n<meta property=\"og:url\" content=\"https:\/\/marianaberdinas.com.ar\/esculturas\/portfolio-item\/espiral-cuadrada\/\" \/>\n<meta property=\"og:site_name\" content=\"esculturas\" \/>\n<meta property=\"article:modified_time\" content=\"2022-01-28T16:58:29+00:00\" \/>\n<meta property=\"og:image\" content=\"https:\/\/marianaberdinas.com.ar\/esculturas\/wp-content\/uploads\/2022\/01\/Cuadrada-detalle.jpg\" \/>\n\t<meta property=\"og:image:width\" content=\"2000\" \/>\n\t<meta property=\"og:image:height\" content=\"2000\" \/>\n\t<meta property=\"og:image:type\" content=\"image\/jpeg\" \/>\n<meta name=\"twitter:card\" content=\"summary_large_image\" \/>\n<meta name=\"twitter:label1\" content=\"Tiempo de lectura\" \/>\n\t<meta name=\"twitter:data1\" content=\"2 minutos\" \/>\n<script type=\"application\/ld+json\" class=\"yoast-schema-graph\">{\"@context\":\"https:\/\/schema.org\",\"@graph\":[{\"@type\":\"WebPage\",\"@id\":\"https:\/\/marianaberdinas.com.ar\/esculturas\/portfolio-item\/espiral-cuadrada\/\",\"url\":\"https:\/\/marianaberdinas.com.ar\/esculturas\/portfolio-item\/espiral-cuadrada\/\",\"name\":\"ESPIRAL CUADRADA - esculturas\",\"isPartOf\":{\"@id\":\"https:\/\/marianaberdinas.com.ar\/esculturas\/#website\"},\"primaryImageOfPage\":{\"@id\":\"https:\/\/marianaberdinas.com.ar\/esculturas\/portfolio-item\/espiral-cuadrada\/#primaryimage\"},\"image\":{\"@id\":\"https:\/\/marianaberdinas.com.ar\/esculturas\/portfolio-item\/espiral-cuadrada\/#primaryimage\"},\"thumbnailUrl\":\"https:\/\/marianaberdinas.com.ar\/esculturas\/wp-content\/uploads\/2022\/01\/Cuadrada-detalle.jpg\",\"datePublished\":\"2022-01-28T16:55:03+00:00\",\"dateModified\":\"2022-01-28T16:58:29+00:00\",\"breadcrumb\":{\"@id\":\"https:\/\/marianaberdinas.com.ar\/esculturas\/portfolio-item\/espiral-cuadrada\/#breadcrumb\"},\"inLanguage\":\"es\",\"potentialAction\":[{\"@type\":\"ReadAction\",\"target\":[\"https:\/\/marianaberdinas.com.ar\/esculturas\/portfolio-item\/espiral-cuadrada\/\"]}]},{\"@type\":\"ImageObject\",\"inLanguage\":\"es\",\"@id\":\"https:\/\/marianaberdinas.com.ar\/esculturas\/portfolio-item\/espiral-cuadrada\/#primaryimage\",\"url\":\"https:\/\/marianaberdinas.com.ar\/esculturas\/wp-content\/uploads\/2022\/01\/Cuadrada-detalle.jpg\",\"contentUrl\":\"https:\/\/marianaberdinas.com.ar\/esculturas\/wp-content\/uploads\/2022\/01\/Cuadrada-detalle.jpg\",\"width\":2000,\"height\":2000},{\"@type\":\"BreadcrumbList\",\"@id\":\"https:\/\/marianaberdinas.com.ar\/esculturas\/portfolio-item\/espiral-cuadrada\/#breadcrumb\",\"itemListElement\":[{\"@type\":\"ListItem\",\"position\":1,\"name\":\"Portada\",\"item\":\"https:\/\/marianaberdinas.com.ar\/esculturas\/cursos-moldes-resinas-arte-dibujo-pintura\/\"},{\"@type\":\"ListItem\",\"position\":2,\"name\":\"ESPIRAL CUADRADA\"}]},{\"@type\":\"WebSite\",\"@id\":\"https:\/\/marianaberdinas.com.ar\/esculturas\/#website\",\"url\":\"https:\/\/marianaberdinas.com.ar\/esculturas\/\",\"name\":\"esculturas\",\"description\":\"Just another WordPress site\",\"potentialAction\":[{\"@type\":\"SearchAction\",\"target\":{\"@type\":\"EntryPoint\",\"urlTemplate\":\"https:\/\/marianaberdinas.com.ar\/esculturas\/?s={search_term_string}\"},\"query-input\":\"required name=search_term_string\"}],\"inLanguage\":\"es\"}]}<\/script>\n<!-- \/ Yoast SEO plugin. -->","yoast_head_json":{"title":"ESPIRAL CUADRADA - esculturas","robots":{"index":"index","follow":"follow","max-snippet":"max-snippet:-1","max-image-preview":"max-image-preview:large","max-video-preview":"max-video-preview:-1"},"canonical":"https:\/\/marianaberdinas.com.ar\/esculturas\/portfolio-item\/espiral-cuadrada\/","og_locale":"es_ES","og_type":"article","og_title":"ESPIRAL CUADRADA - esculturas","og_url":"https:\/\/marianaberdinas.com.ar\/esculturas\/portfolio-item\/espiral-cuadrada\/","og_site_name":"esculturas","article_modified_time":"2022-01-28T16:58:29+00:00","og_image":[{"width":2000,"height":2000,"url":"https:\/\/marianaberdinas.com.ar\/esculturas\/wp-content\/uploads\/2022\/01\/Cuadrada-detalle.jpg","type":"image\/jpeg"}],"twitter_card":"summary_large_image","twitter_misc":{"Tiempo de lectura":"2 minutos"},"schema":{"@context":"https:\/\/schema.org","@graph":[{"@type":"WebPage","@id":"https:\/\/marianaberdinas.com.ar\/esculturas\/portfolio-item\/espiral-cuadrada\/","url":"https:\/\/marianaberdinas.com.ar\/esculturas\/portfolio-item\/espiral-cuadrada\/","name":"ESPIRAL CUADRADA - esculturas","isPartOf":{"@id":"https:\/\/marianaberdinas.com.ar\/esculturas\/#website"},"primaryImageOfPage":{"@id":"https:\/\/marianaberdinas.com.ar\/esculturas\/portfolio-item\/espiral-cuadrada\/#primaryimage"},"image":{"@id":"https:\/\/marianaberdinas.com.ar\/esculturas\/portfolio-item\/espiral-cuadrada\/#primaryimage"},"thumbnailUrl":"https:\/\/marianaberdinas.com.ar\/esculturas\/wp-content\/uploads\/2022\/01\/Cuadrada-detalle.jpg","datePublished":"2022-01-28T16:55:03+00:00","dateModified":"2022-01-28T16:58:29+00:00","breadcrumb":{"@id":"https:\/\/marianaberdinas.com.ar\/esculturas\/portfolio-item\/espiral-cuadrada\/#breadcrumb"},"inLanguage":"es","potentialAction":[{"@type":"ReadAction","target":["https:\/\/marianaberdinas.com.ar\/esculturas\/portfolio-item\/espiral-cuadrada\/"]}]},{"@type":"ImageObject","inLanguage":"es","@id":"https:\/\/marianaberdinas.com.ar\/esculturas\/portfolio-item\/espiral-cuadrada\/#primaryimage","url":"https:\/\/marianaberdinas.com.ar\/esculturas\/wp-content\/uploads\/2022\/01\/Cuadrada-detalle.jpg","contentUrl":"https:\/\/marianaberdinas.com.ar\/esculturas\/wp-content\/uploads\/2022\/01\/Cuadrada-detalle.jpg","width":2000,"height":2000},{"@type":"BreadcrumbList","@id":"https:\/\/marianaberdinas.com.ar\/esculturas\/portfolio-item\/espiral-cuadrada\/#breadcrumb","itemListElement":[{"@type":"ListItem","position":1,"name":"Portada","item":"https:\/\/marianaberdinas.com.ar\/esculturas\/cursos-moldes-resinas-arte-dibujo-pintura\/"},{"@type":"ListItem","position":2,"name":"ESPIRAL CUADRADA"}]},{"@type":"WebSite","@id":"https:\/\/marianaberdinas.com.ar\/esculturas\/#website","url":"https:\/\/marianaberdinas.com.ar\/esculturas\/","name":"esculturas","description":"Just another WordPress site","potentialAction":[{"@type":"SearchAction","target":{"@type":"EntryPoint","urlTemplate":"https:\/\/marianaberdinas.com.ar\/esculturas\/?s={search_term_string}"},"query-input":"required name=search_term_string"}],"inLanguage":"es"}]}},"_links":{"self":[{"href":"https:\/\/marianaberdinas.com.ar\/esculturas\/wp-json\/wp\/v2\/portfolio\/2701"}],"collection":[{"href":"https:\/\/marianaberdinas.com.ar\/esculturas\/wp-json\/wp\/v2\/portfolio"}],"about":[{"href":"https:\/\/marianaberdinas.com.ar\/esculturas\/wp-json\/wp\/v2\/types\/portfolio"}],"replies":[{"embeddable":true,"href":"https:\/\/marianaberdinas.com.ar\/esculturas\/wp-json\/wp\/v2\/comments?post=2701"}],"version-history":[{"count":4,"href":"https:\/\/marianaberdinas.com.ar\/esculturas\/wp-json\/wp\/v2\/portfolio\/2701\/revisions"}],"predecessor-version":[{"id":2780,"href":"https:\/\/marianaberdinas.com.ar\/esculturas\/wp-json\/wp\/v2\/portfolio\/2701\/revisions\/2780"}],"wp:featuredmedia":[{"embeddable":true,"href":"https:\/\/marianaberdinas.com.ar\/esculturas\/wp-json\/wp\/v2\/media\/2702"}],"wp:attachment":[{"href":"https:\/\/marianaberdinas.com.ar\/esculturas\/wp-json\/wp\/v2\/media?parent=2701"}],"wp:term":[{"taxonomy":"post_tag","embeddable":true,"href":"https:\/\/marianaberdinas.com.ar\/esculturas\/wp-json\/wp\/v2\/tags?post=2701"},{"taxonomy":"portfolio_entries","embeddable":true,"href":"https:\/\/marianaberdinas.com.ar\/esculturas\/wp-json\/wp\/v2\/portfolio_entries?post=2701"}],"curies":[{"name":"wp","href":"https:\/\/api.w.org\/{rel}","templated":true}]}}